{"id":1670,"date":"2013-06-06T19:06:11","date_gmt":"2013-06-06T23:06:11","guid":{"rendered":"http:\/\/www.funfte.cl\/sitio\/?page_id=1670"},"modified":"2018-05-24T12:31:47","modified_gmt":"2018-05-24T16:31:47","slug":"historia","status":"publish","type":"page","link":"http:\/\/www.funfte.cl\/sitio\/?page_id=1670","title":{"rendered":"Historia"},"content":{"rendered":"<div id='av_section_1' class='avia-section socket_color avia-section-default avia-shadow  avia-builder-el-0  avia-builder-el-no-sibling  container_wrap sidebar_right'   ><div class='container'><div class='template-page content  nine alpha units'><div class='post-entry post-entry-type-page post-entry-1670'><div class='entry-content clearfix'>\n<div class='avia_textblock'><p style=\"text-align: justify;\"><strong>La Quinta Compa\u00f1\u00eda de Bomberos de Talcahuano<\/strong> comienza a escribir su historia hace ya 110 a\u00f1os. Sus primeras l\u00edneas escritas a fuego, ser\u00edan la chispa de ignici\u00f3n de una de las m\u00e1s c\u00e9lebres y reconocidas compa\u00f1\u00edas de bomberos del sur de Chile.<\/p>\n<p style=\"text-align: justify;\">En el a\u00f1o 1908, un grupo de personas nativas de Alemania y de descendencia alemana se hab\u00edan asentado hace ya alg\u00fan tiempo en el puerto de Talcahuano. \u00c9stos inmigrantes se dedicaban especialmente a nutrir el creciente comercio mar\u00edtimo que abundaba en la zona, siendo personas trabajadoras, inteligentes y reconocidas.<\/p>\n<\/div>\n<\/div><\/div><\/div><\/div><\/div><div id='after_section_1' class='main_color container_wrap sidebar_right'   ><div class='container'><div class='template-page content  nine alpha units'><div class='post-entry post-entry-type-page post-entry-1670'><div class='entry-content clearfix'>\n<div class='avia_textblock'><h3><strong>La g\u00e9nesis de un legado<\/strong><\/h3>\n<p style=\"text-align: justify;\"><a href=\"http:\/\/www.funfte.cl\/sitio\/wp-content\/uploads\/2013\/06\/v051.jpg\"><img loading=\"lazy\" class=\"wp-image-1684 alignleft\" style=\"border: 1px solid black;\" alt=\"Primeros Quintinos\" src=\"http:\/\/www.funfte.cl\/sitio\/wp-content\/uploads\/2013\/06\/v051-300x180.jpg\" width=\"150\" height=\"113\" \/><\/a>De esta manera, transcurr\u00eda pl\u00e1cidamente el verano de 1908. El mes de enero se hab\u00eda iniciado con el af\u00e1n de todos por concurrir a las playas del puerto en busca de la refrescante brisa marina. Nada hac\u00eda presagiar un siniestro. Sin embargo, una noche, el l\u00fagubre ta\u00f1ido de las campanas de incendio llev\u00f3 la inquietud a muchos hogares. Grandes llamas te\u00f1\u00edan de rojo la noche estival. Todos corr\u00edan hacia el centro de la ciudad. El fuego destru\u00eda importantes edificios situados en las calles Bulnes y An\u00edbal Pinto. Dada la rapidez con que se extendi\u00f3 el incendio, se hizo imposible salvar el menaje de algunas casas afectadas por el siniestro.<\/p>\n<p style=\"text-align: justify;\">Entre las familias damnificadas se encontraban algunas construidas por alemanes. Las dificultades originadas por la carencia de elementos necesarios para salvamento, demostr\u00f3 que las cuatro compa\u00f1\u00edas con que contaba en ese momento el Cuerpo de Bomberos de Talcahuano eran insuficientes en estos casos; era, por lo tanto, de absoluta necesidad organizar una nueva compa\u00f1\u00eda \u201cGuarda de Propiedad\u201d.<\/p>\n<p style=\"text-align: justify;\">Al d\u00eda siguiente, los se\u00f1ores Carlos Gantz \u2013 uno de los damnificados por el incendio de la noche anterior \u2013 y Enrique Trouchon\u00a0 cambiaron ideas sobre el particular, y en los d\u00edas siguientes iniciaron una activa campa\u00f1a entre los miembros de la colonia alemana, mucho de los cuales hab\u00edan concurrido al siniestro, para convocar a una reuni\u00f3n con la finalidad de dar forma a una nueva instituci\u00f3n bomberil. El 29 de Enero de 1908 re\u00fananse en los salones del antiguo club musical un grupo de alemanes y descendientes de alemanes. Despu\u00e9s de o\u00eddas algunas opiniones, se acord\u00f3 desechar la primera idea de fundar una compa\u00f1\u00eda \u201cGuarda de Propiedad\u201d, acept\u00e1ndose, en cambio, echar las bases de una compa\u00f1\u00eda de agua. Aprobada el acta de fundaci\u00f3n de la Quinta Compa\u00f1\u00eda de Bomberos, su primer directorio qued\u00f3 conformado as\u00ed:<\/p>\n<\/div>\n<table class='avia-table avia-data-table avia-table-1  avia-builder-el-3  avia-builder-el-no-sibling '><tbody><tr class='&#8217;avia-heading-row&#8217;'><td class='\u00bb'>Primera Oficialidad de Compa\u00f1\u00eda &#8211; 19O8<\/td><\/tr><tr class='\u00bb'><td class='\u00bb'>Director: Sr. Ernesto Werkmeister<\/td><\/tr><tr class='\u00bb'><td class='\u00bb'>Capit\u00e1n: Sr. Eugenio Delp\u00edn<\/td><\/tr><tr class='\u00bb'><td class='\u00bb'>Secretario &#8211; Tesorero: Sr. Ricardo Setz<\/td><\/tr><tr class='\u00bb'><td class='\u00bb'>Primer Oficial de Tierra: Sr. Herm\u00f3genes P\u00e9rez de Arce<\/td><\/tr><tr class='\u00bb'><td class='\u00bb'>Primer Oficial de Mar: Sr. Eduardo Schuyler<\/td><\/tr><tr class='\u00bb'><td class='\u00bb'>Segundo Oficial de Tierra: Sr. Enrique Trouchon<\/td><\/tr><tr class='\u00bb'><td class='\u00bb'>Maquinistas: Sr. R. Schulze &#8211; H. Schumacher<\/td><\/tr><\/tbody><\/table><style type='text\/css'><\/style>\n<div class='avia_textblock'><p style=\"text-align: justify;\">\u00a0 \u00a0 \u00a0Fuera de los nombrados asistieron los siguientes se\u00f1ores: Herman Franz, Carlos Gantz, Herman Setz, Egidio Delp\u00edn y F. Kuhn. Una vez organizada la compa\u00f1\u00eda, se hicieron los tr\u00e1mites correspondientes para comunicar los acuerdos del Honorable Directorio General y solicitar su reconocimiento e incorporaci\u00f3n al Cuerpo de Bomberos de Talcahuano, tr\u00e1mite que qued\u00f3 cumplido el 6 de Mayo de 1908, siendo Superintendente del Cuerpo el se\u00f1or Jorge Garret\u00f3n. Aunque se hab\u00eda dado un gran paso quedaba todav\u00eda algo muy importante que solucionar: adquirir el material para trabajo y la compra de uniformes.<\/p>\n<p>Don Eugenio Delp\u00edn da a concer a los asistentes que los se\u00f1ores Mauricio Gleisner y Compa\u00f1\u00eda han tenido la amabilidad de poner a disposici\u00f3n de la nueva Compa\u00f1\u00eda su remolcador \u201cMauricio\u201d, que est\u00e1 dotado con una poderosa bomba. El remolcador est\u00e1 actualmente en reparaciones, quedando listo para el servicio a fines del pr\u00f3ximo mes de febrero (1908), fecha desde la cual podr\u00e1 ser ocupado por la compa\u00f1\u00eda.<\/p>\n<p>Por lo dem\u00e1s, la referida firma ha puesto tambi\u00e9n a disposici\u00f3n su bodega para guardar los materiales, como mangueras, etc; con el fin de que queden lo m\u00e1s a mano posible.<\/p>\n<p>Cabe se\u00f1alar que nuestra compa\u00f1\u00eda fu\u00e9 bautizada por sus fundadores en sus inicios como \u00abChile\u00bb, en honor y agradecimiento a la naci\u00f3n que los cobij\u00f3. Con la adquisici\u00f3n en 1912 de su primera unidad equipada con bomba a vapor, que los voluntarios bautizaron como la \u00abBomba Chile\u00bb, su original nombre con el paso de los a\u00f1os terminar\u00eda traspas\u00e1ndose al nombre de nuestra unidad.<\/p>\n<\/div>\n<div  class='hr hr-default  avia-builder-el-5  avia-builder-el-no-sibling '><span class='hr-inner'><span class='hr-inner-style'><\/span><\/span><\/div>\n<div class='avia_textblock'><h3><strong>El Dresden, la historia mundial ligada a la Quinta<\/strong><\/h3>\n<p style=\"text-align: justify;\"><a href=\"http:\/\/www.funfte.cl\/sitio\/wp-content\/uploads\/2013\/06\/16SMSDresden.jpg\"><img loading=\"lazy\" class=\" wp-image-1695 alignleft\" style=\"border: 1px solid black;\" title=\"SMS Dresden\" alt=\"\" src=\"http:\/\/www.funfte.cl\/sitio\/wp-content\/uploads\/2013\/06\/16SMSDresden-300x176.jpg\" width=\"150\" height=\"113\" \/><\/a>As\u00ed mismo, es importante rememorar un trozo de nuestra historia mundial y ligarla al de nuestra Quinta Compa\u00f1\u00eda. Para el a\u00f1o 1914, la \u201cOstasiengeschwader\u201d o \u201cEscuadra del Este Asi\u00e1tico Alem\u00e1n\u201d estaba al mando del aristocr\u00e1tico vicealmirante Maximilian Graff V\u00f6n Spee, y estaba compuesta por los cruceros acorazados \u201cScharnhorst\u201d y \u201cGneisenau\u201d; los cruceros ligeros \u201cEmden\u201d, \u201cLeipzig\u201d y \u201cN\u00fcrnberg\u201d, m\u00e1s unidades menores \u2013 ca\u00f1oneros y torpederos -. Estos buques de combate pod\u00edan contar con el eficaz apoyo de toda una red de mercantes de su nacionalidad, que en caso de guerra actuar\u00edan como auxiliares. Paralelamente, en aquellos a\u00f1os iniciales del siglo XX, tambi\u00e9n hab\u00eda una importante presencia naval europea en Am\u00e9rica Latina. En este caso, los fines no eran de conquista como en otras latitudes, sin\u00f3, m\u00e1s matizadamente, de influencia y de resguardo de los intereses de sus s\u00fabditos en conflictos como la Revoluci\u00f3n Mexicana. En aguas de ese pa\u00eds, se encontraba el crucero ligero \u201cDresden\u201d, al que las circunstancias lo llevaron a unirse a la escuadra de V\u00f6n Spee. El estallido de la I Guerra Mundial, a principios de agosto de 1914, trajo dilemas para ambos bandos.<\/p>\n<p style=\"text-align: justify;\">Para V\u00f6n Spee y sus cruceros, eran varias las alternativas, aunque dif\u00edciles; una de ellas era dispersarse y atacar aisladamente buques de pa\u00edses enemigos, y la otra, intentar llegar, manteniendo la escuadra unida, hasta las costas alemanas, cruzando oc\u00e9anos donde sus enemigos ten\u00edan una superioridad neta. Luego de la batalla naval de Coronel, frente al golfo de Arauco, el 1 de Noviembre de 1914, y al cabo de un mes, en la ma\u00f1ana del d\u00eda 8 de Diciembre, los buques de V\u00f6n Spee se aproximaban a Port Stanley, capital malvinense y, alertados, los buques brit\u00e1nicos elevaron anclas de su bah\u00eda e iniciaron su persecuci\u00f3n. Pasado el mediod\u00eda comenz\u00f3 una batalla que se prolong\u00f3 durante toda la tarde, y que culmin\u00f3 con el hundimiento de los cruceros \u201cScharnhorst\u201d, \u201cGneisenau\u201d, \u201cLeipzig\u201d y \u201cN\u00fcrnberg\u201d; poqu\u00edsimos de sus n\u00e1ufragos pudieron ser rescatados con vida de las heladas aguas. El mismo V\u00f6n Spee y sus dos hijos integraron la larga lista de muertes.<\/p>\n<p style=\"text-align: justify;\"><a href=\"http:\/\/www.funfte.cl\/sitio\/wp-content\/uploads\/2013\/06\/SMS_Dresden_1909_LOC_det_4a16116.jpg\"><img loading=\"lazy\" class=\"wp-image-1697 alignleft\" style=\"border: 1px solid black;\" alt=\"SMS Dresden - 19O9\" src=\"http:\/\/www.funfte.cl\/sitio\/wp-content\/uploads\/2013\/06\/SMS_Dresden_1909_LOC_det_4a16116-300x169.jpg\" width=\"150\" height=\"113\" \/><\/a>S\u00f3lo escap\u00f3 el crucero ligero \u201cDresden\u201d, que se refugi\u00f3 en los canales australes Chilenos y luego se dirigi\u00f3 hacia el Archipi\u00e9lago de Juan Fern\u00e1ndez donde, acorralado por una fuerza superior, el 14 de Marzo de 1915, fu\u00e9 hundido por su tripulaci\u00f3n, cumpliendo \u00f3rdenes de su comandante, Fritz L\u00fcdecke. Sus hombres se apresuraron a nadar hasta tierra para as\u00ed evitar ser capturados, ampar\u00e1ndose en la neutralidad Chilena. Nuestro pa\u00eds los traslad\u00f3 hasta la Isla Quiriquina, donde permanecieron internados hasta el fin de la guerra.<\/p>\n<p style=\"text-align: justify;\">Los marineros, al permanecer internados en nuestras costas, la comunidad residente muy preocupada por el tema, brinda una cordial bienvenida. Es as\u00ed como se radican nuevas familias, quienes en forma de agradecimiento por la ayuda de la comunidad de Talcahuano, y en especial de los residentes alemanes que formaban parte de la naciente Quinta Compa\u00f1\u00eda comienzan a entregar importantes ayudas. Estos, con esfuerzo y con donaciones recolectadas se unen y logran costear la compra de dos ruedas, pero faltaba el resto para construir con esas dos ruedas un peque\u00f1o carro. En un derroche de entusiasmo, los propios voluntarios de la Quinta y marineros del \u201cDresden\u201d construyeron la carrocer\u00eda de un gallo tirado a mano, trabajo en el cual fueron dirigidos por el Voluntario H. Schumacher, construyendo la primera unidad terrestre para trabajo de incendios con la que cont\u00f3 nuestra compa\u00f1\u00eda.<\/p>\n<\/div>\n<div  class='hr hr-default  avia-builder-el-7  avia-builder-el-no-sibling '><span class='hr-inner'><span class='hr-inner-style'><\/span><\/span><\/div>\n<div class='avia_textblock'><h3><strong>Las bases para el futuro<\/strong><\/h3>\n<p style=\"text-align: justify;\"><a href=\"http:\/\/www.funfte.cl\/sitio\/wp-content\/uploads\/2013\/06\/bombachile.jpg\"><img loading=\"lazy\" class=\"wp-image-1700 alignleft\" style=\"border: 1px solid black;\" alt=\"La Bomba Chile\" src=\"http:\/\/www.funfte.cl\/sitio\/wp-content\/uploads\/2013\/06\/bombachile-195x190.jpg\" width=\"150\" height=\"113\" \/><\/a>Es as\u00ed como al cabo de su primer a\u00f1o, se hicieron inhumanos esfuerzos por mantener y sentar las bases de una instituci\u00f3n s\u00f3lida que permaneciera en el tiempo y cuyo nombre fuese respetado y reconocido.<\/p>\n<p style=\"text-align: justify;\">\u00a0 \u00a0 \u00a0De esta manera comenz\u00f3 el aprendizaje y observaci\u00f3n de sus otras cuatro compa\u00f1\u00edas hermanas, para idear el modelo a seguir y habituarse a la apasionante labor bomberil. Hasta aquel momento, los voluntarios de la Quinta prestaban sus servicios agregados a otras compa\u00f1\u00edas. Pero casi al a\u00f1o de su fundaci\u00f3n, el 5 de Enero de 1909, realizaron su primer ejercicio p\u00fablico, con lo cual qued\u00f3 demostrado el grado de preparaci\u00f3n bomberil alcanzado hasta esa fecha. Ya las bases hab\u00edan alcanzado solidez, se pod\u00eda continuar la marcha hacia el futuro, la semilla sembrada comenzaba a dar sus frutos.<\/p>\n<p style=\"text-align: justify;\">\u00a0 \u00a0 \u00a0 De esta manera, hasta los tiempos m\u00e1s actuales, nuestra compa\u00f1\u00eda se preocupa de brindar un homenaje a aquellos que ya no nos acompa\u00f1an y que alguna vez fueron quienes prestaron una mano de importante ayuda para esta Quinta. Aquellos que dicen \u201cfirme\u201d en el recuerdo de cada lista y est\u00e1n dispuestos siempre a cumplir su deber, como es el caso de los dos marineros del buque S.M.S. \u201cDresden\u201d, cuyos restos reposan hasta el d\u00eda de hoy en el Cementerio N\u00ba1 de Talcahuano, Hier Richard C\u00e1esar, y Hier Adolf Friederich K\u00fcck, y de muchos otros m\u00e1s\u2026<\/p>\n<p style=\"text-align: justify;\">\u00a0 \u00a0 \u00a0 A\u00f1os m\u00e1s tarde, cuando los Quintinos se dedicaban llenos de alegr\u00eda a sus actividades, su Director, se\u00f1or Enrique Werkmeister, fallece de forma repentina, v\u00edctima de un accidente de tr\u00e1nsito, con lo cual la compa\u00f1\u00eda quedo privada, inesperadamente, de su entusiasta e inteligente cooperaci\u00f3n. Los funerales del se\u00f1or Werkmeister se llevaron a cabo en la ciudad de Valdivia, lugar donde fueron conducidos sus restos, escoltados por delegaciones de todas las compa\u00f1\u00edas del Cuerpo de Bomberos de Talcahuano. Nuestra compa\u00f1\u00eda se hizo presente con todos sus voluntarios.<\/p>\n<p style=\"text-align: justify;\">\u00a0 \u00a0 \u00a0Al sepelio concurri\u00f3, adem\u00e1s, todo el Cuerpo de Bomberos de Valdivia.<\/p>\n<p style=\"text-align: justify;\">\u00a0 \u00a0 \u00a0Desde sus funerales los directivos no tuvieron otra meta que la firme decisi\u00f3n de incrementar el material. Cuando los fondos reunidos alcanzaron a una apreciable cantidad se pens\u00f3 en las posibilidades de adquirir una bomba a vapor. Por otra parte, el Directorio General acord\u00f3 conceder a la compa\u00f1\u00eda la suma de $ 4.000 pesos, cantidad que deb\u00eda destinarse exclusivamente a la adquisici\u00f3n de la referida bomba.<\/p>\n<\/div>\n<div  class='hr hr-default  avia-builder-el-9  avia-builder-el-no-sibling '><span class='hr-inner'><span class='hr-inner-style'><\/span><\/span><\/div>\n<div class='avia_textblock'><h3><strong>El material y el servicio<\/strong><\/h3>\n<p style=\"text-align: justify;\"><a href=\"http:\/\/www.funfte.cl\/sitio\/wp-content\/uploads\/2013\/06\/ford40.jpg\"><img loading=\"lazy\" class=\"wp-image-1706 alignleft\" style=\"border: 1px solid black;\" alt=\"Ford 40\" src=\"http:\/\/www.funfte.cl\/sitio\/wp-content\/uploads\/2013\/06\/ford40-296x190.jpg\" width=\"150\" height=\"113\" \/><\/a>Al tener los medios econ\u00f3micos para hacer la adquisici\u00f3n se resolvi\u00f3 encargar directamente a Alemania una poderosa bomba a vapor, con capacidad m\u00ednima de 1500 litros por minuto. Al mismo tiempo se orden\u00f3 a una importante casa comercial de ese mismo pa\u00eds la confecci\u00f3n de un estandarte. Llegadas a nuestro puerto estas adquisiciones se efectu\u00f3 el bautizo de ellas en una sesi\u00f3n solemne llevada a cabo en la Plaza de Armas. El nombre de \u201cBomba Chile\u201d que recibi\u00f3 la primera bomba (1912) que tuvo la compa\u00f1\u00eda, se coloc\u00f3 como homenaje a nuestra patria, nombre que se ha perpetuado en denominaci\u00f3n de la compa\u00f1\u00eda. El estandarte a sido meticulosamente cuidado hasta la fecha y es el \u00fanico que ha tenido la compa\u00f1\u00eda en su dilatada existencia.<\/p>\n<p style=\"text-align: justify;\">\u00a0 \u00a0 \u00a0El 14 de septiembre de 1930 llega a la compa\u00f1\u00eda la primera auto-bomba, importada desde Alemania. El Directorio General, tras grandes esfuerzos, adquiri\u00f3 dos unidades \u201cFlader\u201d, correspondiendo una a la Quinta Compa\u00f1\u00eda, y otra a la Cuarta Compa\u00f1\u00eda, con lo cual se inicia una era de franco progreso en lo que se refiere a material de incendio. Esta fue bautizada bajo el nombre de \u201cEugenio Delpin\u201d, fundador de la compa\u00f1\u00eda. El af\u00e1n permanente de renovaci\u00f3n inspirado por el Superintendente, se\u00f1or Luis de la Cerda S., y el Comandante, Se\u00f1or Juan Sosa S., luego de analizar las condiciones t\u00e9cnicas del material ofrecido por distintas firmas comerciales, logr\u00f3 adquirir en los Estados Unidos dos maquinas \u201cFord\u201d equipadas con bombas \u201cChampion\u201d.<\/p>\n<p style=\"text-align: justify;\">\u00a0 \u00a0 \u00a0 Estas fueron entregadas el 12 de abril de 1942 en una solemne ceremonia a la Cuarta y Quinta Compa\u00f1\u00edas de Talcahuano. Con este fin de perpetuar la tradici\u00f3n, a esta nueva bomba llev\u00f3 por nombre: \u201cEugenio Delpin\u201d la misma denominaci\u00f3n que ten\u00eda la anterior. En estos d\u00edas, esta bomba est\u00e1 en proceso de restauraci\u00f3n, para pasar a ser un recuerdo vivo del bomberismo de anta\u00f1o, en nuestra ciudad.<\/p>\n<\/div>\n<div  class='hr hr-default  avia-builder-el-11  avia-builder-el-no-sibling '><span class='hr-inner'><span class='hr-inner-style'><\/span><\/span><\/div>\n<div class='avia_textblock'><h3><strong>\u00abLa Quinta la hacen las personas\u00bb<\/strong><\/h3>\n<p style=\"text-align: justify;\"><a href=\"http:\/\/www.funfte.cl\/sitio\/wp-content\/uploads\/2013\/06\/pic-historia5.jpg\"><img loading=\"lazy\" class=\"size-full wp-image-1709 alignleft\" style=\"border: 1px solid black;\" alt=\"Auto-bomba Flader\" src=\"http:\/\/www.funfte.cl\/sitio\/wp-content\/uploads\/2013\/06\/pic-historia5.jpg\" width=\"150\" height=\"113\" \/><\/a>Nuestra compa\u00f1\u00eda, en su larga trayectoria bomberil, ha tenido voluntarios que se han destacado en cargos de importancia en la direcci\u00f3n del Directorio General, como los se\u00f1ores Eduardo Schuyler Z. (Superintendente y Comandante); Eduardo Delpin L. (Superintendente y comandante); Luis de la Cerda S. ( Superintendente por un periodo de 46 a\u00f1os); Juan Guillermo Sosa Severino ( Comandante por un periodo de 31 a\u00f1os); Eduardo Saldes P\u00e9rez de Arce (Tercer Comandante), Fernando Etcheverry Urra ( Superintendente y Director de la Junta Nacional de Bomberos) y muchos otros, de los cuales viven en el recuerdo de los Quintinos de manera diaria.<\/p>\n<p style=\"text-align: justify;\">\u00a0 \u00a0 \u00a0Durante el transcurso de los a\u00f1os la Quinta Compa\u00f1\u00eda, ha constado con diversos carros, entre ellos: Renault Berliet con una capacidad de 2500 litros de agua. Este carro se integr\u00f3 a la familia Quintina el a\u00f1o 1974. Posteriormente se integr\u00f3 a las filas de la Compa\u00f1\u00eda un carro Magirus Deutz, modelo del a\u00f1o 1962, la que contaba con una escala mec\u00e1nica de 38 Metros, sirviendo a la compa\u00f1\u00eda hasta el a\u00f1o 1994. El d\u00eda Domingo 20 de Mayo de 1962, gracias a una iniciativa personal del entonces Secretario de la Tercera Compa\u00f1\u00eda de Bomberos de Temuco \u201cGermania\u201d, don Hans Kuehn, se realiza en dicha ciudad el primer encuentro de bomberos de ascendencia alemana a nivel nacional, marcando de esta forma el primer paso de la actual Confederaci\u00f3n de Compa\u00f1\u00edas Chileno-Alemanas . Aquellos a\u00f1os de modernidad hab\u00edan llegado, de la mano de la uni\u00f3n entre camaradas de la misma procedencia. La Quinta Compa\u00f1\u00eda uni\u00f3se a esta confraternidad en los a\u00f1os 70, cuya participaci\u00f3n activa contin\u00faa hasta la fecha.<\/p>\n<\/div>\n<div  class='hr hr-default  avia-builder-el-13  avia-builder-el-no-sibling '><span class='hr-inner'><span class='hr-inner-style'><\/span><\/span><\/div>\n<div class='avia_textblock'><h3><strong>Nuevos desaf\u00edos de la modernidad<\/strong><\/h3>\n<p style=\"text-align: justify;\"><a href=\"http:\/\/www.funfte.cl\/sitio\/wp-content\/uploads\/2013\/06\/berliet.jpg\"><img loading=\"lazy\" class=\" wp-image-1713 alignleft\" style=\"border: 1px solid black;\" alt=\"Unidad Berliet Camiva\" src=\"http:\/\/www.funfte.cl\/sitio\/wp-content\/uploads\/2013\/06\/berliet-235x190.jpg\" width=\"150\" height=\"113\" \/><\/a>En el a\u00f1o 1985, debido a la visi\u00f3n de algunos voluntarios que se interesaron en esta materia impulsados por las necesidades de nuestra comuna, ciudad que experiment\u00f3 una gran expansi\u00f3n demogr\u00e1fica e industrial, la cual nos oblig\u00f3 a adquirir un continuo perfeccionamiento y superaci\u00f3n personal para enfrentar este nuevo desaf\u00edo. La creaci\u00f3n de la \u201cBrigada de Rescate\u201d; que comenz\u00f3 a operar con herramientas manuales y el\u00e9ctricas que permit\u00edan realizar las labores de liberaci\u00f3n de personas que sufr\u00edan accidentes vehiculares de manera eficiente de acuerdo a la d\u00e9cada.<\/p>\n<p style=\"text-align: justify;\">Luego, en el a\u00f1o 1990 se le encarga a la Quinta Compa\u00f1\u00eda de Bomberos de Talcahuano, la realizaci\u00f3n de una Convenci\u00f3n de Compa\u00f1\u00edas Chileno-Alemanas de Bomberos, en la ciudad puerto. Esta instancia reuni\u00f3 con mucha alegr\u00eda y por primera vez en Talcahuano a las 18 compa\u00f1\u00edas que son miembros de esta confraternidad, llev\u00e1ndose a a cabo de manera impecable todas las diligencias. En 1991 llega el que es, actualmente el \u201cCarro de Especialidad \u201d de la compa\u00f1\u00eda, Renault Camiva S170, equipado con material para el combate y extinci\u00f3n de incendio. El 6 de Marzo de 1993, y bajo la comandancia del Quintino Javier Etcheverry Schr\u00f6er, se desata el brutal incendio del Puerto de San Vicente.<\/p>\n<p style=\"text-align: justify;\"><a href=\"http:\/\/www.funfte.cl\/sitio\/wp-content\/uploads\/2013\/06\/1998.jpg\"><img loading=\"lazy\" class=\" wp-image-1714 alignleft\" style=\"border: 1px solid black;\" alt=\"Unidad de Rescate B-110\" src=\"http:\/\/www.funfte.cl\/sitio\/wp-content\/uploads\/2013\/06\/1998-270x190.jpg\" width=\"150\" height=\"113\" \/><\/a>En \u00e9l, se realiza un combate contra las llamas por cerca de dos d\u00edas, el que mantuvo en ascuas el futuro de Talcahuano y su gente. Hoy, se reconoce el m\u00e9rito de los Bomberos de Talcahuano, los que de no haber actuado eficazmente se estar\u00edan lamentando inimaginables p\u00e9rdidas humanas, materiales y medioambientales. En 1994 es adquirido un carro de Rescate, Renault Camiva B 110, actualmente en servicio para Rescates Integrales. Pero los retos de esta compa\u00f1\u00eda, ya en una \u00e9poca reciente y moderna no se estancaron ah\u00ed. A inicio de la d\u00e9cada del 90\u2032 la Quinta Compa\u00f1\u00eda de Bomberos de Talcahuano tuvo la necesidad de proyectarse hacia al futuro, debido a el r\u00e1pido y creciente proceso de modernizaci\u00f3n y expansi\u00f3n de nuestra ciudad puerto, lo que obligaba en parte, a contar con una mayor dotaci\u00f3n de personal entrenado.<\/p>\n<\/div>\n<div  class='hr hr-default  avia-builder-el-15  avia-builder-el-no-sibling '><span class='hr-inner'><span class='hr-inner-style'><\/span><\/span><\/div>\n<div class='avia_textblock'><h3><strong>Nuestro compromiso y los sue\u00f1os del futuro<\/strong><\/h3>\n<p style=\"text-align: justify;\"><a href=\"http:\/\/www.funfte.cl\/sitio\/wp-content\/uploads\/2013\/06\/primerabirg.jpg\"><img loading=\"lazy\" class=\"wp-image-1716 alignleft\" style=\"border: 1px solid black;\" alt=\"Primera Brigada Juvenil - Noviembre 1994\" src=\"http:\/\/www.funfte.cl\/sitio\/wp-content\/uploads\/2013\/06\/primerabirg-270x190.jpg\" width=\"150\" height=\"113\" \/><\/a>Debido a estas razones la compa\u00f1\u00eda dio vida a la Brigada Juvenil, fundada oficialmente el 26 de Noviembre de 1994, despu\u00e9s de una marcha blanca de un a\u00f1o en que se planificaron y trazaron los prop\u00f3sitos y m\u00e9todos de entrenamiento de los j\u00f3venes bomberos. Hoy por hoy, la brigada juvenil es un punto clave en la formaci\u00f3n de nuevas generaciones de la Quinta.<\/p>\n<p style=\"text-align: justify;\">A partir del a\u00f1o 1998, la Compa\u00f1\u00eda inicio la construcci\u00f3n de un Cuartel de 1500m2 en 4000m2, funcional a las necesidades operativas y de crecimiento de la instituci\u00f3n, ubicado en Villa Independencia, sector Denavi Sur.<\/p>\n<p style=\"text-align: justify;\">\u00a0 \u00a0 \u00a0En el mes de Octubre de 1999, llega un carro Camiva S 150, que es utilizado como carro mixto (agua y rescate); bautizado el 29 de Enero del 2000 como \u201cEduardo Saldes Perez de Arce\u201d. En aquel mismo a\u00f1o, y con un grupo de rescate integral ya cohesionado, y concientes del problema de la contaminaci\u00f3n de nuestra ciudad, nuestra compa\u00f1\u00eda form\u00f3 la primera unidad de rescate medioambiental de Chile. Con aportes del Gobierno Regional de la Regi\u00f3n del B\u00edo B\u00edo, se implement\u00f3 a la compa\u00f1\u00eda con una lancha modelo Harbor 28, con dos motores Yamaha de 40 HP. Construida en los astilleros Marco de Iquique, esta lancha est\u00e1 destinada a la limpieza superficial de las aguas por derrame de combustible y desechos (mayor problema en nuestros puertos) \u00fanica en Sudam\u00e9rica.<\/p>\n<p style=\"text-align: justify;\"><a href=\"http:\/\/www.funfte.cl\/sitio\/wp-content\/uploads\/2013\/06\/88.jpg\"><img loading=\"lazy\" class=\" wp-image-1717 alignleft\" style=\"border: 1px solid black;\" alt=\"Construcci\u00f3n del Cuartel 5 - A\u00f1o 1999\" src=\"http:\/\/www.funfte.cl\/sitio\/wp-content\/uploads\/2013\/06\/88-262x190.jpg\" width=\"150\" height=\"113\" \/><\/a>Las instalaciones del nuevo cuartel de la Quinta Compa\u00f1\u00eda, en Villa Independencia entraron en funcionamiento un 12 de enero del a\u00f1o 2001, mientras a\u00fan se recib\u00eda la llegada del siglo XXI. De esta manera, la Quinta cerrar\u00eda una historia de m\u00e1s de 90 a\u00f1os de vida en el antiguo Cuartel Central de Col\u00f3n 797 del puerto; donde en s\u00f3lo 16m2 se desarrollaba el quehacer bomberil de los Quintinos.<\/p>\n<\/div>\n<div  class='hr hr-default  avia-builder-el-17  avia-builder-el-no-sibling '><span class='hr-inner'><span class='hr-inner-style'><\/span><\/span><\/div>\n<div class='avia_textblock'><h3><strong>Cuando los amigos se van<\/strong><\/h3>\n<p style=\"text-align: justify;\"><a href=\"http:\/\/www.funfte.cl\/sitio\/wp-content\/uploads\/2013\/06\/3.jpg\"><img loading=\"lazy\" class=\"wp-image-1719 alignleft\" style=\"border: 1px solid black;\" alt=\"Don Pedro Vidal Vidal Q.E.P.D.\" src=\"http:\/\/www.funfte.cl\/sitio\/wp-content\/uploads\/2013\/06\/3-258x190.jpg\" width=\"150\" height=\"113\" \/><\/a>Pero los altos y bajos de la vida no se har\u00edan esperar, ya que en todos los largos a\u00f1os de la Quinta, hombres de connotados nombres y m\u00e9ritos tomaron el tim\u00f3n de este gran barco. As\u00ed, no s\u00f3lo la pesada responsabilidad de ser un oficial de la \u201cBomba Chile\u201d, era motivo de acercamiento entre los integrantes. Amistades de a\u00f1os y vidas fundidas con los metales m\u00e1s duros, provocaron un duro quiebre, sin\u00f3 un colapso, al momento de despedir de esta vida a los hermanos de bomba, amigos del alma, compa\u00f1eros inseparables de causa. Don Pedro Vidal Vidal, (Q.E.P.D.) fallecer\u00eda en el transcurso del a\u00f1o 2002, encabezando la lista de los camaradas que nos dejar\u00edan, luego de trasladarnos a nuestra nueva casa.<\/p>\n<p style=\"text-align: justify;\">\u00a0 \u00a0 \u00a0Pero all\u00e1 en el infinito, Dios quer\u00eda a\u00fan m\u00e1s de lo mejor de nosotros. As\u00ed es como nuestro Director, Ariel Duffau G\u00e1lvez, aquejado de un c\u00e1ncer que se le hab\u00eda detectado hac\u00eda algunos a\u00f1os, sucumbir\u00eda ante el desgaste de aquella enfermedad durante el 2003. El nombre de Ariel Duffau G\u00e1lvez (Q.E.P.D.) resonar\u00e1 por siempre en las futuras generaciones. Su legado traspasa lo tangible, as\u00ed como el dolor de su p\u00e9rdida; a\u00fan hoy al rememorarlo.<\/p>\n<p style=\"text-align: justify;\"><a href=\"http:\/\/www.funfte.cl\/sitio\/wp-content\/uploads\/2013\/06\/yrt.jpg\"><img loading=\"lazy\" class=\" wp-image-1720 alignleft\" style=\"border: 1px solid black;\" alt=\"Don Ariel Duffau G\u00e1lvez Q.E.P.D.\" src=\"http:\/\/www.funfte.cl\/sitio\/wp-content\/uploads\/2013\/06\/yrt-249x190.jpg\" width=\"150\" height=\"113\" srcset=\"http:\/\/www.funfte.cl\/sitio\/wp-content\/uploads\/2013\/06\/yrt-249x190.jpg 249w, http:\/\/www.funfte.cl\/sitio\/wp-content\/uploads\/2013\/06\/yrt-450x342.jpg 450w, http:\/\/www.funfte.cl\/sitio\/wp-content\/uploads\/2013\/06\/yrt.jpg 642w\" sizes=\"(max-width: 150px) 100vw, 150px\" \/><\/a>Ariel Duffau, falleci\u00f3 un Jueves 13 de noviembre del 2003 en la Cl\u00ednica Las Condes, de la capital. Talcahuano enarbol\u00f3 banderas a media asta: en la Universidad San Sebasti\u00e1n, en la que era prorrector; en el Puerto de Talcahuano, cuyo directorio integraba o en el Cuerpo de Bomberos y cuartel de su compa\u00f1\u00eda, la Quinta. Sus restos llegaron aquel mismo d\u00eda a la zona en una nutrida caravana de veh\u00edculos encabezada por un carro de la Quinta Compa\u00f1\u00eda y decenas de personas que esperaron sus excequias y que acompa\u00f1aban a su familia, la medianoche del jueves, en la Ruta del Itata cuando llegaron desde Santiago. Hubo abrazos y l\u00e1grimas y los m\u00f3viles enfilaron a Talcahuano donde las campanas de Bomberos ta\u00f1eron sin pausa durante un largo lapso, al iniciarse el velatorio en el Cuartel de la Quinta, donde al mediod\u00eda del 14 se rez\u00f3 un responso despu\u00e9s de lo cual los restos de Ariel Duffau fueron trasladados al Campus Las Salinas de la Universidad San Sebasti\u00e1n de Talcahuano desde donde el d\u00eda s\u00e1bado 15, despu\u00e9s de una misa que fue presidida por un sacerdote que le educ\u00f3 cuando ni\u00f1o, se llev\u00f3 al Parque San Pedro donde fue sepultado en una triste y emotiva despedida.<\/p>\n<\/div>\n<div  class='hr hr-default  avia-builder-el-19  avia-builder-el-no-sibling '><span class='hr-inner'><span class='hr-inner-style'><\/span><\/span><\/div>\n<div class='avia_textblock'><h3><strong>La Convenci\u00f3n de Talcahuano, 2005<\/strong><\/h3>\n<p style=\"text-align: justify;\"><a href=\"http:\/\/www.funfte.cl\/sitio\/wp-content\/uploads\/2013\/06\/IMG_5181.jpg\"><img loading=\"lazy\" class=\" wp-image-1722 alignleft\" style=\"border: 1px solid black;\" alt=\"Convenci\u00f3n 2005\" src=\"http:\/\/www.funfte.cl\/sitio\/wp-content\/uploads\/2013\/06\/IMG_5181-285x190.jpg\" width=\"150\" height=\"113\" \/><\/a>El a\u00f1o 2005 recay\u00f3 la misi\u00f3n de llevar a cabo (por segunda vez, tras 1990) la XXXVI versi\u00f3n de las Convenciones de Compa\u00f1\u00edas de Bomberos Chileno-Alemanas, en la Quinta Compa\u00f1\u00eda de Bomberos de Talcahuano. Aquella ma\u00f1ana del d\u00eda 3 de Octubre del 2005 nuestros carros, cuartel, voluntarios y organizaci\u00f3n de nuestra compa\u00f1\u00eda se encontraban dispuestos para recibir a cerca de 150 bomberos confederados Chileno-Alemanes. Todo deb\u00eda lucir y ser excelente. Y se logr\u00f3. Por tres d\u00edas, la Quinta acapar\u00f3 la prensa local y los ojos de muchos voluntarios, que en su lejan\u00eda deseaban estar al tanto de lo que suced\u00eda en Talcahuano. A los asistentes se les prepararon ceremonias de primer nivel, visitas guiadas a los recintos navales de Talcahuano y comidas en sus instalaciones, charlas de docentes y personajes expertos en las m\u00e1s amplias gamas del saber, quienes instruyeron t\u00e9cnicamente a los confederados, cerrando un 5 de Octubre en un almuerzo de honor en el Recinto \u201cLos Casta\u00f1os\u201d de Talcahuano. Todos y cada uno de nuestros camaradas confederados, se llevar\u00eda un trozo preciado de nuestra historia Quintina, y recuerdos imborrables de lo vivido.<\/p>\n<\/div>\n<div  class='hr hr-default  avia-builder-el-21  avia-builder-el-no-sibling '><span class='hr-inner'><span class='hr-inner-style'><\/span><\/span><\/div>\n<div class='avia_textblock'><h3><strong>Se van dos ilustres<\/strong><\/h3>\n<p style=\"text-align: justify;\"><a href=\"http:\/\/www.funfte.cl\/sitio\/wp-content\/uploads\/2013\/06\/guayito-068.jpg\"><img loading=\"lazy\" class=\"wp-image-1725 alignleft\" style=\"border: 1px solid black;\" alt=\"Don Eduardo Saldes P\u00e9rez de Arce Q.E.P.D.\" src=\"http:\/\/www.funfte.cl\/sitio\/wp-content\/uploads\/2013\/06\/guayito-068-253x190.jpg\" width=\"150\" height=\"113\" srcset=\"http:\/\/www.funfte.cl\/sitio\/wp-content\/uploads\/2013\/06\/guayito-068-253x190.jpg 253w, http:\/\/www.funfte.cl\/sitio\/wp-content\/uploads\/2013\/06\/guayito-068-1030x772.jpg 1030w, http:\/\/www.funfte.cl\/sitio\/wp-content\/uploads\/2013\/06\/guayito-068-450x337.jpg 450w\" sizes=\"(max-width: 150px) 100vw, 150px\" \/><\/a>El 2006, llegar\u00eda el amargo momento de despedir a Don Eduardo Saldes P\u00e9rez de Arce (Q.E.P.D.), qui\u00e9n di\u00f3 el orgullo por a\u00f1os a este cuartel, de tenerlo con vida y homenajeado como el Voluntario m\u00e1s antiguo del pa\u00eds, con una amplia trayectoria personal y bomberil. Reci\u00e9n en Mayo del 2006 cumpli\u00f3 100 a\u00f1os de vida y fu\u00e9 celebrado con mucha algarab\u00eda por todos sus cong\u00e9neres. Nadie pensar\u00eda que un 2 de Julio del mismo a\u00f1o, su vida terrenal se extinguir\u00eda.<\/p>\n<p style=\"text-align: justify;\">\u00a0 \u00a0 \u00a0De la misma inesperada forma, Don Fernando Etcheverry Urra (Q.E.P.D.), empresario, fundador de la Panader\u00eda Francesa, vinculado desde muy joven al trabajo, al voluntariado, destacado por su entusiasmo, solidaridad, afici\u00f3n por el servicio p\u00fablico, enorme sencillez y simpat\u00eda, nos dar\u00eda una noticia que abati\u00f3 nuevamente los corazones de todos y cada uno de los Quintinos. Este hijo distinguido de Talcahuano (1980), miembro del Codeco (- 1981), Vecino Destacado de Talcahuano (- 1985), fu\u00e9 despedido con los honores correspondientes, viviendo en el recuerdo de cada uno de los Voluntarios que escriben el hoy de esta compa\u00f1\u00eda y de quienes conformar\u00e1n el futuro.<\/p>\n<\/div>\n<div  class='hr hr-default  avia-builder-el-23  avia-builder-el-no-sibling '><span class='hr-inner'><span class='hr-inner-style'><\/span><\/span><\/div>\n<div class='avia_textblock'><h3><strong>Camino a la \u00abmayor\u00eda de edad\u00bb<\/strong><\/h3>\n<p style=\"text-align: justify;\"><a href=\"http:\/\/www.funfte.cl\/sitio\/wp-content\/uploads\/2013\/06\/PC050571.jpg\"><img loading=\"lazy\" class=\" wp-image-1727 alignleft\" style=\"border: 1px solid black;\" alt=\"Director de Compa\u00f1\u00eda (2003 - 2008) Sr. Anselmo Villagra Cabello\" src=\"http:\/\/www.funfte.cl\/sitio\/wp-content\/uploads\/2013\/06\/PC050571-253x190.jpg\" width=\"150\" height=\"113\" srcset=\"http:\/\/www.funfte.cl\/sitio\/wp-content\/uploads\/2013\/06\/PC050571-253x190.jpg 253w, http:\/\/www.funfte.cl\/sitio\/wp-content\/uploads\/2013\/06\/PC050571-450x337.jpg 450w, http:\/\/www.funfte.cl\/sitio\/wp-content\/uploads\/2013\/06\/PC050571.jpg 640w\" sizes=\"(max-width: 150px) 100vw, 150px\" \/><\/a>El 2007, ser\u00eda un a\u00f1o cargado de trabajo y de nuevas aspiraciones para toda la Quinta. No s\u00f3lo se convirti\u00f3 en motivo de esmero el trabajo dentro del cuartel sino que tambi\u00e9n el trabajo fuera de \u00e9l. Es as\u00ed como se presentaron siempre dispuestos los voluntarios, en las 350 emergencias que se despacharon para la Quinta Compa\u00f1\u00eda durante el 2007, creando presencia y disponiendo del profesionalismo en la calle para prolongar la vida y resguardar los bienes de los habitantes de la comuna de Talcahuano.<\/p>\n<p style=\"text-align: justify;\">\u00a0 \u00a0 \u00a0El trabajo extrabomberil estuvo marcado por la Fiesta de la Cerveza en sus dos versiones, en donde se impuls\u00f3 la labor de la compa\u00f1\u00eda para el centenario. Se realizaron tambi\u00e9n importantes acciones de difusi\u00f3n y mejoras como la recaptaci\u00f3n de socios cooperadores y la entrada en vigencia de un moderno sistema de administraci\u00f3n de los fondos que provienen de los vecinos y empresas, las realizaciones de los ya tradicionales Bingos del C\u00edrculo de Damas de la Quinta y la continuaci\u00f3n de nuestra Cena Bailable Pernil Shop el 2007 y 2008.<\/p>\n<p style=\"text-align: justify;\">\u00a0 \u00a0 \u00a0Las constantes gestiones del Director, Anselmo Villagra Cabello logr\u00f3 buenos frutos en materias de nuestra integraci\u00f3n social. Notable es, el hecho de expansi\u00f3n y difusi\u00f3n que tuvo nuestra compa\u00f1\u00eda en el 2007 y 2008 dentro del c\u00edrculo de la Liga Chileno Alemana, la cual nos integr\u00f3 y realz\u00f3 los lazos con la comunidad germana residente y la Quinta Compa\u00f1\u00eda, teniendo visitas muy importantes a nuestro ciclo de exposiciones culturales. Antes de terminar el a\u00f1o, una gran importaci\u00f3n de materiales desde Alemania se solicit\u00f3 para venir a introducir m\u00e1s stock de uniformes y herramientas para seguir cumpliendo con la labor principal y mayor misi\u00f3n de la Quinta que es cumplir con un buen servicio.<\/p>\n<\/div>\n<div  class='hr hr-default  avia-builder-el-25  avia-builder-el-no-sibling '><span class='hr-inner'><span class='hr-inner-style'><\/span><\/span><\/div>\n<div class='avia_textblock'><h3><strong>El Centenario<\/strong><\/h3>\n<p style=\"text-align: justify;\"><a href=\"http:\/\/www.funfte.cl\/sitio\/wp-content\/uploads\/2013\/06\/guayito-105.jpg\"><img loading=\"lazy\" class=\" wp-image-1729 alignleft\" style=\"border: 1px solid black;\" alt=\"Centenario 1908-2008\" src=\"http:\/\/www.funfte.cl\/sitio\/wp-content\/uploads\/2013\/06\/guayito-105-253x190.jpg\" width=\"150\" height=\"113\" srcset=\"http:\/\/www.funfte.cl\/sitio\/wp-content\/uploads\/2013\/06\/guayito-105-253x190.jpg 253w, http:\/\/www.funfte.cl\/sitio\/wp-content\/uploads\/2013\/06\/guayito-105-1030x772.jpg 1030w, http:\/\/www.funfte.cl\/sitio\/wp-content\/uploads\/2013\/06\/guayito-105-450x337.jpg 450w\" sizes=\"(max-width: 150px) 100vw, 150px\" \/><\/a>Nuestras actividades de preparaci\u00f3n partieron con mucha antelaci\u00f3n. Se realizaron ajustes en nuestro cuartel y unidades, actividades sociales y bomberiles como tambi\u00e9n se prepararon una gran diversidad de jornadas en capacitaci\u00f3n y exposiciones. Fu\u00e9 un trabajo arduo.<\/p>\n<p style=\"text-align: justify;\">La noche del lunes 28 de enero del 2008 se present\u00f3 en medio de una suave bruma costera con la que se dieron cita los voluntarios para celebrar la tradicional vigilia. Faltaban s\u00f3lo minutos para la medianoche y el \u00faltimo cadete de la compa\u00f1\u00eda terminaba de recibir la medalla del centenario en su uniforme, tal y como lo hicieron los otros 103 voluntarios que antes que \u00e9l la recibieron en fila. A las Doce en punto, la campana son\u00f3 tres veces para indicar que la ahora, centenaria Quinta estaba de aniversario. Luego, el toque de sirena y la canci\u00f3n nacional a voces de todos los voluntarios encendi\u00f3 un 100 de fuego en los ojos de los presentes. Despu\u00e9s de eso, s\u00f3lo abrazos y la alegr\u00eda de estar viviendo un momento tan m\u00edstico y lleno de tradiciones; por ser portadores de un trozo enorme de historia y encontrarnos siendo protagonistas de lo m\u00e1s preciado que puede tener una compa\u00f1\u00eda de bomberos que sabe lo que son las tradiciones. Su centenario en pleno.<\/p>\n<p style=\"text-align: justify;\">\u00a0 \u00a0 \u00a0Con una vibrante ceremonia en el frontis de su cuartel, la Quinta Compa\u00f1\u00eda del Cuerpo de Bomberos de Talcahuano celebr\u00f3 el centenario de su creaci\u00f3n. El acto, realizado el martes 29 de enero, cont\u00f3 con la presencia de autoridades locales y nacionales. La condecoraci\u00f3n Centenario fue otorgada a Nora Hoffman de Setz, quien a sus 96 a\u00f1os de edad y siguiendo el ejemplo de su esposo fallecido, ha estado ligada toda su vida a la Quinta Compa\u00f1\u00eda. La Quinta pas\u00f3 desfilando con cerca de 80 voluntarios, frente a un impresionante marco de p\u00fablico en el frontis del Cuartel de la Quinta, en medio de gritos, flashes, c\u00e1maras, luces, aplausos y las miradas atentas de las autoridades, el Cuerpo de Bomberos y las Compa\u00f1\u00edas Confederadas hermanas venidas desde distintos puntos del pa\u00eds. Aquellos segundos que dur\u00f3 nuestro desfile quedar\u00e1n grabados por siempre en la retina de todos aquellos que fueron protagonistas de tan magn\u00edfico instante, y que llen\u00f3 los esp\u00edritus de bomberiles.<\/p>\n<\/div>\n<div  class='hr hr-default  avia-builder-el-27  avia-builder-el-no-sibling '><span class='hr-inner'><span class='hr-inner-style'><\/span><\/span><\/div>\n<div class='avia_textblock'><h3><strong>La Quinta que avanza<\/strong><\/h3>\n<p style=\"text-align: justify;\"><a href=\"http:\/\/www.funfte.cl\/sitio\/wp-content\/uploads\/2013\/06\/DSC9884.jpg\"><img loading=\"lazy\" class=\" wp-image-1731 alignleft\" style=\"border: 1px solid black;\" alt=\"Director (2009-Actualidad) Sr. Jorge Ogalde G\u00f3mez\" src=\"http:\/\/www.funfte.cl\/sitio\/wp-content\/uploads\/2013\/06\/DSC9884-284x190.jpg\" width=\"150\" height=\"113\" \/><\/a>Casi al concluir el 2008 la Quinta lleva a licitaci\u00f3n por $45.000.000 el proyecto de t\u00e9rmino definitivo de su cuartel, para terminar las instalaciones administrativas del primer piso y renovaci\u00f3n completa del tercer piso. Adem\u00e1s de los proyectos de reparaci\u00f3n de la unidad de Rescate Urbano, y la adquisici\u00f3n de unas nuevas herramientas para trabajo en Rescate Vehicular marca Holmatro. En lo humano, al llegar el fin del 2008, la Quinta culminar\u00eda una importante \u00e9poca bajo el mando de Anselmo Villagra, quien anunciar\u00eda su cese en el cargo que tom\u00f3 por 5 a\u00f1os, luego de la partida de Ariel Duffau, el 2003. Se cierra un importante ciclo, pero se abren nuevos horizontes de la mano de su sucesor, Jorge Ogalde G\u00f3mez en un 2009 en que la Quinta ostenta ya su \u201cmayor\u00eda de edad\u201d, consolid\u00e1ndose d\u00eda a d\u00eda m\u00e1s al servicio de las personas.<\/p>\n<p style=\"text-align: justify;\">\u00a0 \u00a0 \u00a0 Es as\u00ed como el 2009 trajo consigo algunos cambios, pasando muy r\u00e1pido para muchos de los Quintinos. Pasando un invierno muy duro con un cuartel en reparaciones, nuestra compa\u00f1\u00eda retorn\u00f3 a la normalidad en el mes de agosto, hecho que de cierta forma alter\u00f3 el normal funcionamiento de nuestras dependencias, y de nuestro personal. Los frutos se ver\u00edan luego, con el proyecto completamente terminado y las instalaciones de primer nivel. Una vez m\u00e1s la paciencia rend\u00eda sus frutos. En el mes de septiembre tuvimos el privilegio de contar con la visita de Voluntarios pertenecientes a la \u201cGermania\u201d de Valdivia quienes nos dieron un importante curso, que vino a cambiar la forma de enfrentar las emergencias que a diario tiene que lidiar la Quinta.<\/p>\n<p style=\"text-align: justify;\"><a href=\"http:\/\/www.funfte.cl\/sitio\/wp-content\/uploads\/2013\/06\/P1292203.jpg\"><img loading=\"lazy\" class=\" wp-image-1732 alignleft\" style=\"border: 1px solid black;\" alt=\"Una de las tantas visitas donde la Sra. Nora Hoffmann de Setz\" src=\"http:\/\/www.funfte.cl\/sitio\/wp-content\/uploads\/2013\/06\/P1292203-253x190.jpg\" width=\"150\" height=\"113\" srcset=\"http:\/\/www.funfte.cl\/sitio\/wp-content\/uploads\/2013\/06\/P1292203-253x190.jpg 253w, http:\/\/www.funfte.cl\/sitio\/wp-content\/uploads\/2013\/06\/P1292203-1030x770.jpg 1030w, http:\/\/www.funfte.cl\/sitio\/wp-content\/uploads\/2013\/06\/P1292203-450x336.jpg 450w\" sizes=\"(max-width: 150px) 100vw, 150px\" \/><\/a>\u00a0 \u00a0 \u00a0En la ma\u00f1ana del 18 de diciembre del 2009 dej\u00f3 de existir Nora Hoffmann, viuda del fundador de compa\u00f1\u00eda Don Ricardo Setz. Nuestra querida \u201cSe\u00f1ora Nora\u201d falleci\u00f3 a sus 97 a\u00f1os de edad dejando un ejemplo de fidelidad hacia nuestra compa\u00f1\u00eda y la voluntad de su marido, en la memoria de todos quienes le conocimos. En el fondo, fu\u00e9 la \u00faltima de nuestros fundadores en partir, y la despedimos como una Quintina m\u00e1s; una m\u00e1s de los nuestros.<\/p>\n<p style=\"text-align: justify;\">\u00a0 \u00a0 \u00a0 Ya al ver de cerca el 2010, nuestra compa\u00f1\u00eda erigi\u00f3 a uno de los Capitanes m\u00e1s j\u00f3venes de su historia. Asum\u00eda el mando desde el 1 de enero del 2010 el entonces Teniente Segundo, Jorge Ram\u00edrez Montecinos; mientras Gustavo Lamig, dejaba su cargo a disposici\u00f3n de la asamblea cerrando un ciclo cargado de la fuerza, decisi\u00f3n y dinamismo que lo caracteriz\u00f3 como oficial hasta ese entonces.<\/p>\n<p style=\"text-align: justify;\">\u00a0 \u00a0 \u00a0 Se vendr\u00edan d\u00edas muy duros para nuestra gente, nuestro pa\u00eds y muy en especial a nuestro amado Talcahuano.<\/p>\n<\/div>\n<div  class='hr hr-default  avia-builder-el-29  avia-builder-el-no-sibling '><span class='hr-inner'><span class='hr-inner-style'><\/span><\/span><\/div>\n<div class='avia_textblock'><h3><strong>El Terremoto del 2010 y nuestra reconstrucci\u00f3n<\/strong><\/h3>\n<p style=\"text-align: justify;\"><a href=\"http:\/\/www.funfte.cl\/sitio\/wp-content\/uploads\/2013\/06\/27235_1364765034751_1100379704_31130026_3056032_n.jpg\"><img loading=\"lazy\" class=\" wp-image-1734 alignleft\" style=\"border: 1px solid black;\" alt=\"El ex B-5 (R-S170) en Av. Col\u00f3n en Talcahuano, destr\u00faida tras el Terremoto y Tsunami del 27F\" src=\"http:\/\/www.funfte.cl\/sitio\/wp-content\/uploads\/2013\/06\/27235_1364765034751_1100379704_31130026_3056032_n-253x190.jpg\" width=\"150\" height=\"113\" srcset=\"http:\/\/www.funfte.cl\/sitio\/wp-content\/uploads\/2013\/06\/27235_1364765034751_1100379704_31130026_3056032_n-253x190.jpg 253w, http:\/\/www.funfte.cl\/sitio\/wp-content\/uploads\/2013\/06\/27235_1364765034751_1100379704_31130026_3056032_n-710x540.jpg 710w, http:\/\/www.funfte.cl\/sitio\/wp-content\/uploads\/2013\/06\/27235_1364765034751_1100379704_31130026_3056032_n-450x337.jpg 450w, http:\/\/www.funfte.cl\/sitio\/wp-content\/uploads\/2013\/06\/27235_1364765034751_1100379704_31130026_3056032_n.jpg 720w\" sizes=\"(max-width: 150px) 100vw, 150px\" \/><\/a>La guardia nocturna del 26 de febrero del 2010 se constituy\u00f3 sin mayores inconvenientes. A las 01:30 horas ya del d\u00eda 27, muchos dorm\u00edan de forma pl\u00e1cida. Sin embargo, a las 03:34 horas nuestro pa\u00eds fu\u00e9 despertado por un horrendo ruido subterr\u00e1neo y un movimiento sin pre\u00e1mbulo sac\u00f3 a Chile de la calma.<\/p>\n<p style=\"text-align: justify;\">Un terremoto con epicentro en Cobquecura (Regi\u00f3n del B\u00edo B\u00edo) de 8.8 grados Richter, sacudi\u00f3 no s\u00f3lo nuestros hogares y vidas sino que tambi\u00e9n los a\u00f1os venideros de la Quinta, que a punta de esfuerzo logramos como cohesionado grupo, sacar adelante los sue\u00f1os y anhelos de los voluntarios.<\/p>\n<p style=\"text-align: justify;\">Nuestra casa tuvo que ser compartida con el Cuerpo Militar del Trabajo durante el a\u00f1o 2010, designados para la reconstrucci\u00f3n de Talcahuano. En medio de este panorama el 6 de Junio del 2010 nos dejar\u00eda nuestro Voluntario Honorario Don Juan Sosa Ru\u00edz, quien ingres\u00f3 a nuestra compa\u00f1\u00eda en 1945, ejerciendo labores de Teniente, Capit\u00e1n, Miembro de la Junta Disciplinaria de Compa\u00f1\u00eda y Comandante del Cuerpo de Bomberos de Talcahuano; era el patriarca de una muy reconocida familia de bomberos de nuestro puerto. Durante el a\u00f1o 2011 se recibieron aportes fundamentales de parte del Gobierno Central y Regional, de la Junta Nacional de Bomberos de Chile y la industria privada quienes aportaron la suma\u00a0 necesaria para concretar la llegada de la Unidad Iveco Magirus 150E30W HLF 30\/25 4\u00d74 que llegar\u00eda a renovar nuestro viejo y leal amigo, el Renault Camiva S-170 de 1990. Se suma a esto la implementaci\u00f3n de procedimientos estandarizados de trabajo, renovaci\u00f3n completa de equipos de protecci\u00f3n personal y una total reestructuraci\u00f3n de nuestro actuar a nivel interno y externo.<\/p>\n<p style=\"text-align: justify;\"><a href=\"http:\/\/www.funfte.cl\/sitio\/wp-content\/uploads\/2013\/06\/DSC00680.jpg\"><img loading=\"lazy\" class=\" wp-image-1735 alignleft\" style=\"border: 1px solid black;\" alt=\"Don Mariano Grand\u00f3n Inda Q.E.P.D.\" src=\"http:\/\/www.funfte.cl\/sitio\/wp-content\/uploads\/2013\/06\/DSC00680-253x190.jpg\" width=\"150\" height=\"113\" srcset=\"http:\/\/www.funfte.cl\/sitio\/wp-content\/uploads\/2013\/06\/DSC00680-253x190.jpg 253w, http:\/\/www.funfte.cl\/sitio\/wp-content\/uploads\/2013\/06\/DSC00680-450x337.jpg 450w, http:\/\/www.funfte.cl\/sitio\/wp-content\/uploads\/2013\/06\/DSC00680.jpg 640w\" sizes=\"(max-width: 150px) 100vw, 150px\" \/><\/a>El 2012 nos dej\u00f3 la triste partida de Don Mariano Grand\u00f3n Inda. Se nos fue con su simpat\u00eda, su buen humor, su disposici\u00f3n de divertir a viejos y j\u00f3venes, sumado a un mill\u00f3n de historias sin fin. \u00a0Un viejo lindo que hoy nos ilumina desde el cielo, y que cada uno de quienes le conocieron llevan parte de su espontaneidad y alegr\u00eda.<\/p>\n<p style=\"text-align: justify;\">Es de recalcar la participaci\u00f3n de la Quinta y su personal en los gigantescos incendios de Parque Nacional Torres del Paine en Diciembre del 2012 y el violento incendio forestal de Quill\u00f3n, en enero del 2012.<\/p>\n<\/div>\n<div  class='hr hr-default  avia-builder-el-31  avia-builder-el-no-sibling '><span class='hr-inner'><span class='hr-inner-style'><\/span><\/span><\/div>\n<div class='avia_textblock'><h3><strong>El proyecto \u00abKaiser\u00bb y el camino a la profesionalizaci\u00f3n<\/strong><\/h3>\n<p style=\"text-align: justify;\"><a href=\"http:\/\/www.funfte.cl\/sitio\/wp-content\/uploads\/2011\/12\/556865_10151820116665468_25800931_n.jpg\"><img loading=\"lazy\" class=\" wp-image-1605 alignleft\" style=\"border: 1px solid black;\" alt=\"El Kaiser. Unidad Iveco Magirus HLF 4x4\" src=\"http:\/\/www.funfte.cl\/sitio\/wp-content\/uploads\/2011\/12\/556865_10151820116665468_25800931_n-253x190.jpg\" width=\"150\" height=\"113\" srcset=\"http:\/\/www.funfte.cl\/sitio\/wp-content\/uploads\/2011\/12\/556865_10151820116665468_25800931_n-253x190.jpg 253w, http:\/\/www.funfte.cl\/sitio\/wp-content\/uploads\/2011\/12\/556865_10151820116665468_25800931_n-450x337.jpg 450w, http:\/\/www.funfte.cl\/sitio\/wp-content\/uploads\/2011\/12\/556865_10151820116665468_25800931_n.jpg 960w\" sizes=\"(max-width: 150px) 100vw, 150px\" \/><\/a>El a\u00f1o 2012 se recibi\u00f3 en Talcahuano con suma alegr\u00eda el sue\u00f1o de muchos Quintinos. La nueva m\u00e1quina Iveco Magirus 150E30W HLF 30\/25 4\u00d74 llegaba hasta el puerto. Fu\u00e9 as\u00ed que dando lectura por parte de la Central de Emergencias del CBT la orden del dia, fu\u00e9 dado de baja la unidad marca Renault Camiva modelo S-170 a\u00f1o 1990, quedando a resguardo de la comandancia; simult\u00e1neamente entrando en servicio la nueva unidad marca Iveco Magirus modelo HLF 30\/25 a\u00f1o 2011, cuya primera clave de servicio fu\u00e9 \u201cB-5\u201d, (Actualmente BX-5) como su antecesor veterano de batallas.<\/p>\n<p style=\"text-align: justify;\">Pero el proyecto Kaiser s\u00f3lo ser\u00eda el comienzo para una modernizaci\u00f3n que ir\u00eda en alza dentro de nuestro grupo humano. Es as\u00ed como en el transcurso del a\u00f1o 2012, viajaron un primer grupo de voluntarios a Villa Ballester, Buenos Aires, Argentina luego de un extenuante proceso te\u00f3rico en Chile por parte de la FIRES Foundation de Houston USA, para concretar la certificaci\u00f3n de nuestros voluntarios activos bajo la norma NFPA 1001; norma que rige el trabajo de los Bomberos en Estados Unidos. La certificaci\u00f3n se termin\u00f3 exitosamente en un primer y segundo grupo de voluntarios, capacitando casi a la totalidad de los voluntarios activos actualmente y contando con instrucci\u00f3n un tercer y cuarto grupo de integrantes de nuestra compa\u00f1\u00eda, quienes terminaron de cursar sus evaluaciones finales en el verano del 2015. De estas instancias de capacitaci\u00f3n nacer\u00eda una gran amistad y alianza con la Fundaci\u00f3n FIRES; dejando a nuestra compa\u00f1\u00eda como enlace oficial de la fundaci\u00f3n en Chile.<\/p>\n<p style=\"text-align: justify;\">\u00a0 \u00a0 \u00a0 Durante esta etapa nos dejaron los Voluntarios:\u00a0Honorario Sr. Adonai Ayala Ayala y el Tesorero General Honorario Sr. Caupolic\u00e1n Cisternas Lagos. Con ellos,\u00a0marcha un legado hist\u00f3rico enorme, que apagan su voz en esta tierra para hacerla resonar desde lo alto.<\/p>\n<\/div>\n<div  class='hr hr-default  avia-builder-el-33  avia-builder-el-no-sibling '><span class='hr-inner'><span class='hr-inner-style'><\/span><\/span><\/div>\n<div class='avia_textblock'><h3><strong>Avances con visi\u00f3n de futuro<\/strong><\/h3>\n<p><a href=\"http:\/\/www.funfte.cl\/sitio\/wp-content\/uploads\/2018\/05\/FB_IMG_1525707134538-e1525965818379.jpg\"><img loading=\"lazy\" class=\"alignleft size-medium wp-image-2925\" alt=\"FB_IMG_1525707134538\" src=\"http:\/\/www.funfte.cl\/sitio\/wp-content\/uploads\/2018\/05\/FB_IMG_1525707134538.jpg\" width=\"144\" height=\"190\" \/><\/a>Sin duda la d\u00e9cada de los a\u00f1os 2010-2020 han sido de important\u00edsimos avances. Nuestra compa\u00f1\u00eda avanza no solo en la integraci\u00f3n de material rodante, material menor, materiales para el combate de incendios, uniforme y el trabajo de rescate de primer nivel, sino que con individuos capacitados para la utilizaci\u00f3n, procedimientos, t\u00e9cnicas y mantenimiento de nivel profesional en todos los aspectos de nuestra labor diaria. \u00a0A trav\u00e9s del programa de Bombero I y II de la NFPA implementado en esta d\u00e9cada se logr\u00f3 contar con Bomberos Profesionales a bordo de las m\u00e1quinas en la atenci\u00f3n de variadas emergencias en la totalidad de nuestros voluntarios activos, quienes tienen este programa aprobado y hoy poseen est\u00e1ndares internacionales en el trabajo contra incendios para enfrentar con plena responsabilidad los nuevos retos que nos hemos trazado. Se realizaron tambi\u00e9n destacadas participaciones de nuestros miembros en cursos y pasant\u00edas en la Argentina, Estados Unidos, Alemania, Colombia y M\u00e9xico en calidad de asistentes e instructores. En nuestra casa, se desarrolla un ciclo de instrucci\u00f3n en donde se integran materias al plan de capacitaci\u00f3n institucional orientados a integrar conocimientos y destrezas en Rescate T\u00e9cnico y la formaci\u00f3n de nuevos instructores bajo normativas NFPA, de la mano siempre de la Fundaci\u00f3n FIRES y la Academia de bomberos de Houston de los Estados Unidos.<\/p>\n<p>Todas estas actividades consolidan a\u00fan m\u00e1s la labor de nuestra compa\u00f1\u00eda, el compromiso adquirido con las autoridades y nuestra poblaci\u00f3n; tanto as\u00ed, que en el mes de Junio del a\u00f1o 2015 recibimos en nuestras dependencias al Embajador de la Rep\u00fablica de Alemania, Sr. Hans-Henning Blomeyer-Bartenstein, reconociendo la labor que cumple la Quinta como una instituci\u00f3n que difunde la cultura y tradiciones de Alemania, prestando un servicio de alta calidad t\u00e9cnica y solidez institucional.<\/p>\n<p>Durante el a\u00f1o 2017 suceden dos hitos de relevancia. Un verano particularmente caluroso desataron grandes incendios forestales. M\u00faltiples focos asolaron grandes extensiones de bosques; y con ellos poblados y el trabajo de muchas personas entre Coquimbo y Los Lagos, con una mayor intensidad en las regiones de O&#8217;Higgins, Maule y Biob\u00edo. Nuestra compa\u00f1\u00eda no estuvo al margen del trabajo en esta desoladora emergencia. Tras las emergencias del verano, ya en el segundo semestre del 2017 se concreta la llegada de una nueva unidad de emergencia destinada al control de incendios. Una anhelada y necesaria bomba TLF 30\/40 Iveco Magirus FF150E30 que \u00a0llegar\u00eda un 07 de mayo del 2018 en medio de la tradicional recepci\u00f3n con sirenas. Con este hito, nuestra compa\u00f1\u00eda concreta otro avance necesario en pro de un trabajo \u00f3ptimo en las emergencias de categor\u00eda control de incendios; despejando el horizonte a la recta final del plan de renovaci\u00f3n del parque automotriz. Su puesta en servicio ocurri\u00f3 el d\u00eda 21 de mayo del 2018, al mediod\u00eda. Momento en el cual tambi\u00e9n se dieron de baja al servicio de nuestra compa\u00f1\u00eda las unidades Renault S-150 y la Renault B-110.<\/p>\n<\/div>\n<div  class='hr hr-default  avia-builder-el-35  avia-builder-el-no-sibling '><span class='hr-inner'><span class='hr-inner-style'><\/span><\/span><\/div>\n<div class='avia_textblock'><h3><strong>El hoy<\/strong><\/h3>\n<p style=\"text-align: justify;\"><a href=\"http:\/\/www.funfte.cl\/sitio\/wp-content\/uploads\/2013\/04\/IMG_5183.jpg\"><img loading=\"lazy\" class=\" wp-image-1657 alignleft\" style=\"border: 1px solid black;\" alt=\"La Quinta, m\u00e1s que una compa\u00f1\u00eda de bomberos.\" src=\"http:\/\/www.funfte.cl\/sitio\/wp-content\/uploads\/2013\/04\/IMG_5183-285x190.jpg\" width=\"150\" height=\"113\" \/><\/a>As\u00ed la Quinta desarrolla d\u00eda a d\u00eda su historia, renovando el fuerte compromiso que tenemos con las personas de Talcahuano. Personas a las que servimos con agrado y esmero, al igual que todo el Cuerpo de Bomberos de Talcahuano.<\/p>\n<p style=\"text-align: justify;\">En estos momentos la Quinta Compa\u00f1\u00eda cuenta con modernos materiales para actuar en caso de un siniestro. Entre ellos un carro HLF 25\/30 Iveco Magirus modelo\u00a0FF150E30W con capacidad de 2500 litros de agua, destinado para Incendios Estructurales y Rescate T\u00e9cnico Pesado; y un carro TLF 30\/40 Iveco Magirus FF150E30 destinado a control de incendios con\u00a0capacidad de 3500 litros de agua, y una lancha Harbor 28, con dos motores Yamaha de 40 HP cada uno, construida en los astilleros Marco en la ciudad de Iquique, destinada a la limpieza superficial de las aguas por derrame de combustible y desechos en recursos h\u00eddricos, \u00fanica en Sudam\u00e9rica.<\/p>\n<p style=\"text-align: justify;\">\u00a0 \u00a0 \u00a0Esto, sin contar su m\u00e1s valioso material, que hoy lo forman sus m\u00e1s de 120 integrantes que entregan su vida al anhelo de servir de forma profesional.<\/p>\n<p style=\"text-align: justify;\">\u00a0 \u00a0 \u00a0 No podr\u00edamos terminar, sin rendir un homenaje a esos voluntarios que ya no se encuentran con nosotros. A\u00fan as\u00ed, desde la eternidad siempre atender\u00e1n jubilosos el llamado de su querida \u201cBomba Chile\u201d y a los Voluntarios Honorarios que por determinaci\u00f3n del alt\u00edsimo a\u00fan dicen presente cuando el deber los llama, guiando a las generaciones j\u00f3venes por los caminos de la disciplina, camarader\u00eda y tradici\u00f3n en esta historia gloriosa que se construy\u00f3, se construye, y se continuar\u00e1 construyendo.<\/p>\n<\/div>\n","protected":false},"excerpt":{"rendered":"","protected":false},"author":1,"featured_media":0,"parent":0,"menu_order":0,"comment_status":"open","ping_status":"open","template":"","meta":[],"_links":{"self":[{"href":"http:\/\/www.funfte.cl\/sitio\/index.php?rest_route=\/wp\/v2\/pages\/1670"}],"collection":[{"href":"http:\/\/www.funfte.cl\/sitio\/index.php?rest_route=\/wp\/v2\/pages"}],"about":[{"href":"http:\/\/www.funfte.cl\/sitio\/index.php?rest_route=\/wp\/v2\/types\/page"}],"author":[{"embeddable":true,"href":"http:\/\/www.funfte.cl\/sitio\/index.php?rest_route=\/wp\/v2\/users\/1"}],"replies":[{"embeddable":true,"href":"http:\/\/www.funfte.cl\/sitio\/index.php?rest_route=%2Fwp%2Fv2%2Fcomments&post=1670"}],"version-history":[{"count":61,"href":"http:\/\/www.funfte.cl\/sitio\/index.php?rest_route=\/wp\/v2\/pages\/1670\/revisions"}],"predecessor-version":[{"id":1673,"href":"http:\/\/www.funfte.cl\/sitio\/index.php?rest_route=\/wp\/v2\/pages\/1670\/revisions\/1673"}],"wp:attachment":[{"href":"http:\/\/www.funfte.cl\/sitio\/index.php?rest_route=%2Fwp%2Fv2%2Fmedia&parent=1670"}],"curies":[{"name":"wp","href":"https:\/\/api.w.org\/{rel}","templated":true}]}}