{"id":1911,"date":"2013-06-13T13:46:23","date_gmt":"2013-06-13T17:46:23","guid":{"rendered":"http:\/\/www.funfte.cl\/sitio\/?page_id=1911"},"modified":"2018-05-13T15:08:27","modified_gmt":"2018-05-13T19:08:27","slug":"directorio","status":"publish","type":"page","link":"http:\/\/www.funfte.cl\/sitio\/?page_id=1911","title":{"rendered":"Directorio"},"content":{"rendered":"<div class=\"flex_column av_one_full first  avia-builder-el-0  avia-builder-el-no-sibling  \"><div class='avia_textblock'>\n<p><a href=\"http:\/\/www.funfte.cl\/sitio\/wp-content\/uploads\/2013\/06\/P9270023.jpg\"><img loading=\"lazy\" class=\"alignleft size-medium wp-image-1917\" style=\"border: 1px solid black;\" alt=\"Oficiales.\" src=\"http:\/\/www.funfte.cl\/sitio\/wp-content\/uploads\/2013\/06\/P9270023-237x190.jpg\" width=\"237\" height=\"190\" srcset=\"http:\/\/www.funfte.cl\/sitio\/wp-content\/uploads\/2013\/06\/P9270023-237x190.jpg 237w, http:\/\/www.funfte.cl\/sitio\/wp-content\/uploads\/2013\/06\/P9270023-1030x823.jpg 1030w, http:\/\/www.funfte.cl\/sitio\/wp-content\/uploads\/2013\/06\/P9270023-450x359.jpg 450w, http:\/\/www.funfte.cl\/sitio\/wp-content\/uploads\/2013\/06\/P9270023.jpg 1712w\" sizes=\"(max-width: 237px) 100vw, 237px\" \/><\/a>Nuestros l\u00edderes, por a\u00f1os han sido aquellos voluntarios destacados y que cumplen con el perfil de todo Quintino. Los oficiales de nuestra Quinta Compa\u00f1\u00eda de Bomberos, son elegidos de manera democr\u00e1tica todos los a\u00f1os, a trav\u00e9s de votaciones abiertas en el que todos los integrantes, desde los reci\u00e9n ingresados hasta los honorarios son activos participantes y protagonistas del futuro de nuestra compa\u00f1\u00eda.<\/p>\n<p>Por nuestro directorio han pasado ilustres personas que han marcado el camino de la compa\u00f1\u00eda y que ser\u00e1n siempre recordadas por su gesti\u00f3n y manera de conducir a la Quinta como una instituci\u00f3n firme y arraigada en las tradiciones, en la disciplina y el respeto a los pares.<\/p>\n<\/div>\n<table class='avia-table avia-data-table avia-table-1  avia-builder-el-2  avia-builder-el-no-sibling '>\n<tbody>\n<tr class='&#8217;avia-heading-row&#8217;'>\n<td class='\u00bb'>OFICIALES DE COMPA\u00d1\u00cdA 2O18<\/td>\n<\/tr>\n<tr class='\u00bb'>\n<td class='\u00bb'>Director de Compa\u00f1\u00eda Voluntario Honorario Sr. Jorge Ogalde G\u00f3mez<br \/>\nSecretario de Compa\u00f1\u00eda Voluntario Sr. Juan Pablo Fern\u00e1ndez Madrid<br \/>\nTesorero de Compa\u00f1\u00eda Voluntario Sr. Jaime Sandoval Vel\u00e1squez<br \/>\nIntendente de Compa\u00f1\u00eda Voluntario Sr. Lisandro Araya Fritis<\/p>\n<p>Capit\u00e1n de Compa\u00f1\u00eda Voluntario Honorario Sr. Nelson Salgado R\u00edos<br \/>\nTeniente Primero de Compa\u00f1\u00eda Voluntario Sr. Mauricio Oliveros Henr\u00edquez<br \/>\nTeniente Segundo de Compa\u00f1\u00eda Voluntario Sr. Nicol\u00e1s Obreg\u00f3n Sandoval<br \/>\nTeniente Tercero de Compa\u00f1\u00eda Voluntario Sr. Rodrigo Pedrero Tejo<br \/>\nTeniente Cuarto de Compa\u00f1\u00eda Voluntario Sr. Felipe Bastias Tejos<br \/>\nAyudante de Compa\u00f1\u00eda Voluntario Sr. Abner Claver\u00eda Jaramillo<\/td>\n<\/tr>\n<\/tbody>\n<\/table>\n<style type='text\/css'><\/style>\n<div  class='hr hr-default  avia-builder-el-3  avia-builder-el-no-sibling '><span class='hr-inner'><span class='hr-inner-style'><\/span><\/span><\/div>\n<div class='avia_textblock'>\n<p><strong>Cuartel 5O del Cuerpo de Bomberos de Talcahuano<\/strong><\/p>\n<p>De la misma forma, es importante recalcar el esp\u00edritu de nuestros m\u00e1s antiguos y sus connotadas carreras bomberiles. Es as\u00ed como el 3 de Septiembre de 1994 , los Miembros Honorarios del Honorable Directorio General del Cuerpos de Bomberos de Talcahuano y Voluntarios Insignes de Chile, voluntarios de la Primera Compa\u00f1\u00eda, se re\u00fanen en el ex-casino del Cuartel Central para tratar la idea de organizar un estamento que agrupe a todos los Voluntarios Insignes de la instituci\u00f3n en una compa\u00f1\u00eda simb\u00f3lica, donde su \u00fanico fin ser\u00e1 confraternizar, intercambiar experiencias y hacer recuerdos de sus a\u00f1os vividos en las filas de la instituci\u00f3n. As\u00ed nace, el Cuartel 5O integrado por los voluntarios mayores de 5O a\u00f1os de servicio.<\/p>\n<\/div>\n<div  class='hr hr-default  avia-builder-el-5  avia-builder-el-no-sibling '><span class='hr-inner'><span class='hr-inner-style'><\/span><\/span><\/div>\n<div class='avia_textblock'>\n<p><strong>Comisiones y Departamentos<\/strong><\/p>\n<p>Las comisiones de nuestra compa\u00f1\u00eda las integran voluntarios id\u00f3neos para realizar actividades que apoyan la gesti\u00f3n que realizan los oficiales de compa\u00f1\u00eda, ya sea en materias administrativas o ejecutivas y se eligen de forma democr\u00e1tica en la misma ocasi\u00f3n en que se re\u00fane la asamblea que escoge a los nuevos oficiales anuales. A su vez, los departamentos se forman para mantener en constante actualizaci\u00f3n y supervisi\u00f3n de un \u00e1rea o campo de conocimientos bomberiles o la mantenci\u00f3n de est\u00e1ndares administrativos.<\/p>\n<\/div>\n<div  class='hr hr-default  avia-builder-el-7  avia-builder-el-no-sibling '><span class='hr-inner'><span class='hr-inner-style'><\/span><\/span><\/div>\n<div class='avia_textblock'>\n<p><strong>Maquinistas de Compa\u00f1\u00eda 2O18<\/strong><\/p>\n<p>N\u00f3mina de Maquinistas autorizados para conducir y maniobrar M\u00f3viles Institucionales con Licencia Especial Clase F.<\/p>\n<\/div>\n<table class='avia-table avia-data-table avia-table-2  avia-builder-el-9  avia-builder-el-no-sibling '>\n<tbody>\n<tr class='&#8217;avia-heading-row&#8217;'>\n<td class='\u00bb'>MAQUINISTAS DE COMPA\u00d1\u00cdA 2O18<\/td>\n<\/tr>\n<tr class='\u00bb'>\n<td class='\u00bb'>ALVARO CEA VALVERDE<br \/>\nANSELMO VILLAGRA CABELLO<br \/>\nCESAR AGUILERA DURAN<br \/>\nCLAUDIO CEBALLOS ARIAS<br \/>\nCLAUDIO DURAN CABALLERO<br \/>\nFERNANDO VERA TORRES<br \/>\nFRANCISCO CASTRO HERRERA<br \/>\nFRANCISCO JIMENEZ DORREGO<br \/>\nGUSTAVO LAMIG FRITZ<br \/>\nJAIME ATHENS MOSCOSO<br \/>\nJAVIER ETCHEVERRY SCHROER<br \/>\nJORGE GONZALEZ SILVA<br \/>\nJUAN CARLOS VALLEJOS TORRES<br \/>\nJULIO CACERES GAJARDO<br \/>\nKLAUS LAMIG CARRION<br \/>\nLISANDRO ARAYA FRITIS<br \/>\nLUIS VEGA VILLEGAS<br \/>\nLUIS VERA DONOSO<br \/>\nMARCELO QUEZADA QUIJON<br \/>\nMAURICIO OLIVEROS HENRIQUEZ<br \/>\nNELSON DUFFAU GALVEZ<br \/>\nNELSON SALGADO RIOS<br \/>\nPATRICIO ALBORNOZ LLANOS<br \/>\nPABLO CERLIANI MOCOCAIN<br \/>\nPATRICIO OBREGON VALVERDE<br \/>\nPAUL MU\u00d1OZ SUTTER<br \/>\nRENATO BARRUETO DECAP<br \/>\nRODOLFO GARRIDO RETAMAL<br \/>\nVICTOR ENRIQUIZ VALENZUELA\n<\/td>\n<\/tr>\n<\/tbody>\n<\/table>\n<style type='text\/css'><\/style>\n<\/div>\n","protected":false},"excerpt":{"rendered":"","protected":false},"author":1,"featured_media":0,"parent":0,"menu_order":0,"comment_status":"open","ping_status":"open","template":"","meta":[],"_links":{"self":[{"href":"http:\/\/www.funfte.cl\/sitio\/index.php?rest_route=\/wp\/v2\/pages\/1911"}],"collection":[{"href":"http:\/\/www.funfte.cl\/sitio\/index.php?rest_route=\/wp\/v2\/pages"}],"about":[{"href":"http:\/\/www.funfte.cl\/sitio\/index.php?rest_route=\/wp\/v2\/types\/page"}],"author":[{"embeddable":true,"href":"http:\/\/www.funfte.cl\/sitio\/index.php?rest_route=\/wp\/v2\/users\/1"}],"replies":[{"embeddable":true,"href":"http:\/\/www.funfte.cl\/sitio\/index.php?rest_route=%2Fwp%2Fv2%2Fcomments&post=1911"}],"version-history":[{"count":25,"href":"http:\/\/www.funfte.cl\/sitio\/index.php?rest_route=\/wp\/v2\/pages\/1911\/revisions"}],"predecessor-version":[{"id":1913,"href":"http:\/\/www.funfte.cl\/sitio\/index.php?rest_route=\/wp\/v2\/pages\/1911\/revisions\/1913"}],"wp:attachment":[{"href":"http:\/\/www.funfte.cl\/sitio\/index.php?rest_route=%2Fwp%2Fv2%2Fmedia&parent=1911"}],"curies":[{"name":"wp","href":"https:\/\/api.w.org\/{rel}","templated":true}]}}